{"id":271,"date":"2025-08-26T10:25:10","date_gmt":"2025-08-26T08:25:10","guid":{"rendered":"https:\/\/centrumdzwoni.pl\/?page_id=271"},"modified":"2025-09-17T12:37:55","modified_gmt":"2025-09-17T10:37:55","slug":"projekt-cd-v","status":"publish","type":"page","link":"https:\/\/centrumdzwoni.pl\/?page_id=271","title":{"rendered":"PROJEKT CD V"},"content":{"rendered":"\n<h3 class=\"wp-block-heading\"><br><br>Centrum Doradztwa Zawodowego i Wspierania Os\u00f3b z Niepe\u0142nosprawno\u015bci\u0105 Intelektualn\u0105 \u2013 Centrum DZWONI V\u201d<\/h3>\n\n\n\n<h4 class=\"wp-block-heading\">Opis projektu:<\/h4>\n\n\n\n<p>Realizowany przez Polskie Stowarzyszenie na rzecz Os\u00f3b z Niepe\u0142nosprawno\u015bci\u0105 Intelektualn\u0105 (PSONI) na podstawie art. 36 ustawy z dnia 27 sierpnia 1997 r. o rehabilitacji zawodowej i spo\u0142ecznej oraz zatrudnianiu os\u00f3b niepe\u0142nosprawnych (konkurs nr 1\/2022 \u2013 Dzia\u0142amy razem).<br><strong>Umowa o dofinansowanie projektu nr ZZB\/000899\/BF\/D z dnia 8 sierpnia 2023 r.<\/strong><br>Projekt jest wsp\u00f3\u0142finansowany ze \u015brodk\u00f3w Pa\u0144stwowego Funduszu Rehabilitacji Os\u00f3b Niepe\u0142nosprawnych.<\/p>\n\n\n<div class=\"wp-block-image\">\n<figure class=\"aligncenter is-resized\"><img decoding=\"async\" src=\"https:\/\/psoni.org.pl\/wp-content\/uploads\/2020\/01\/PFRON_wersja_podstawowa_RGB-01-1024x541.jpg\" alt=\"\" class=\"wp-image-3419\" style=\"width:720px;height:auto\"\/><\/figure>\n<\/div>\n\n\n<hr class=\"wp-block-separator has-alpha-channel-opacity\"\/>\n\n\n<div class=\"wp-block-image\">\n<figure class=\"aligncenter is-resized\"><img decoding=\"async\" src=\"https:\/\/psoni.org.pl\/wp-content\/uploads\/2024\/06\/plakat_DZWONIV-1-724x1024.jpg\" alt=\"\" class=\"wp-image-6756\" style=\"width:821px;height:auto\"\/><\/figure>\n<\/div>\n\n\n<p>Cel projektu: Wsparcie w podj\u0119ciu i utrzymaniu zatrudnienia na otwartym rynku pracy poprzez wykorzystanie metody zatrudnienia wspomaganego co najmniej 36% Beneficjent\u00f3w Ostatecznych projektu, a tak\u017ce podniesienie kompetencji spo\u0142ecznych i zawodowych u wszystkich Beneficjent\u00f3w projektu.<br>Projekt ma charakter ponadregionalny, realizowany jest na terenie 6 wojew\u00f3dztw (mazowieckie, \u0142\u00f3dzkie, \u015bl\u0105skie, pomorskie, podkarpackie, warmi\u0144sko-mazurskie).<br>Biura Centrum DZWONI zlokalizowane s\u0105 w Bytomiu, Gda\u0144sku, Jaros\u0142awiu, Rzeszowie (Filia Centrum DZWONI w Jaros\u0142awiu), Ostr\u00f3dzie, Warszawie, Zgierzu.<br>Projekt jest realizowany w terminie od 01.07.2023 r. do 31.03.2026 r., w trzech okresach:<br>I okres: 01.07.2023 r. \u2013 31.03.2024 r.<br>II okres: 01.04.2024 r. \u2013 31.03.2025r.<br>III okres: 01.04.2025 r. \u2013 31.03.2026 r.<\/p>\n\n\n\n<p><strong>Harmonogram realizacji wsparcia w projekcie w I okresie finansowania, tj. 01.07.2023-31.03.2024r.<\/strong><\/p>\n\n\n\n<figure class=\"wp-block-table\"><table class=\"has-fixed-layout\"><tbody><tr><td><strong>Nazwa dzia\u0142ania<\/strong><\/td><td><strong>Termin realizacji<\/strong><strong><\/strong><\/td><\/tr><tr><td>Zarz\u0105dzanie projektem i monitoring finansowy<\/td><td>01.07.2023-31.03.2024<\/td><\/tr><tr><td>2. Zaanga\u017cowanie klienta &#8211; Spotkania informacyjno- promocyjne<\/td><td>&nbsp;01.07.2023-31.03.2024<\/td><\/tr><tr><td>3.&nbsp; Zaanga\u017cowanie klienta &#8211; wypracowanie i zawarcie kontraktu<\/td><td>01.07.2023-31.03.2024<\/td><\/tr><tr><td>4. Kompleksowa ocena os\u00f3b niezatrudnionych (II etap ZW &#8211; Tworzenie profilu zawodowego) \u2013 diagnoza preferencji i predyspozycji zawodowych w tym praktycznych umiej\u0119tno\u015bci oraz kompetencji spo\u0142ecznych<\/td><td>01.07.2023-31.03.2024<\/td><\/tr><tr><td>5. Warsztaty grupowe z zakresu kompetencji spo\u0142ecznych i aktywnego poruszania si\u0119 po rynku pracy<\/td><td>01.07.2023-31.03.2024<\/td><\/tr><tr><td>6. Utworzenie IPD \u2013 spotkanie wielostronne (II etap ZW)<\/td><td>01.07.2023-31.03.2024<\/td><\/tr><tr><td>7. Przygotowanie do podj\u0119cia zatrudnienia (III etap ZW) -praktyki, po\u015brednictwo pracy, wsparcie w procedurze organizacji form praktycznych &nbsp;<\/td><td>01.07.2023-31.03.2024<\/td><\/tr><tr><td>8. Trening umiej\u0119tno\u015bci i samodzielnego poruszania si\u0119 w przestrzeni miejsko-wiejskiej<\/td><td>01.07.2023-31.03.2024<\/td><\/tr><tr><td>9. Indywidualne wsparcie psychologiczno-doradcze (II-V etap ZW)<\/td><td>01.07.2023-31.03.2024<\/td><\/tr><tr><td>10. Grupowe wsparcie doradcze (II-V etap ZW)<\/td><td>01.07.2023-31.03.2024<\/td><\/tr><tr><td>11. Wsparcie w miejscu pracy i poza nim (w tym szkolenie stanowiskowe, interwencyjne oraz monitoring)<\/td><td>01.07.2023-31.03.2024<\/td><\/tr><tr><td>12. Trening kompetencji \u017cyciowych i umiej\u0119tno\u015bci spo\u0142eczno-zawodowych<\/td><td>01.07.2023-31.03.2024<\/td><\/tr><tr><td>13. Bezpo\u015bredni kontakt z rodzin\u0105\/otoczeniem BO<\/td><td>01.07.2023-31.03.2024<\/td><\/tr><tr><td>14. Dzia\u0142ania informacyjno-promocyjne w\u015br\u00f3d pracodawc\u00f3w, kontakty maj\u0105ce na celu zainteresowanie pracodawc\u00f3w zatrudnieniem os\u00f3b z niepe\u0142nosprawno\u015bci\u0105<\/td><td>01.07.2023-31.03.2024<\/td><\/tr><tr><td>15. Analiza stanowiska pracy\/praktyk<\/td><td>01.07.2023-31.03.2024<\/td><\/tr><tr><td>16. Monitorowanie procesu zatrudnienia wspomaganego &#8211; bie\u017c\u0105cy monitoring merytoryczny projektu oraz konsultacje z zakresu zatrudnienia wspomaganego, Klasyfikacji ICF i udzielania form wsparcia dla kadry projektu<\/td><td>01.07.2023-31.03.2024<\/td><\/tr><tr><td>17. Spotkania interdyscyplinarnego zespo\u0142u specjalist\u00f3w<\/td><td>01.07.2023-31.03.2024<\/td><\/tr><\/tbody><\/table><\/figure>\n\n\n\n<p><strong>Harmonogram realizacji wsparcia w projekcie w II okresie finansowania, tj. 01.04.2024-31.03.2025r.<\/strong><\/p>\n\n\n\n<figure class=\"wp-block-table\"><table class=\"has-fixed-layout\"><tbody><tr><td><strong>Nazwa dzia\u0142ania<\/strong><\/td><td><strong>Termin realizacji<\/strong><\/td><\/tr><tr><td>Zarz\u0105dzanie projektem i monitoring finansowy<\/td><td>01.04.2024-31.03.2025<\/td><\/tr><tr><td>Zaanga\u017cowanie klienta &#8211; Spotkania informacyjno-promocyjne&nbsp;<\/td><td>01.04.2024-31.03.2025<\/td><\/tr><tr><td>Zaanga\u017cowanie klienta &#8211; wypracowanie i zawarcie kontraktu<\/td><td>01.04.2024-31.03.2025<\/td><\/tr><tr><td>Kompleksowa ocena os\u00f3b niezatrudnionych (II etap ZW &#8211; Tworzenie profilu zawodowego) &#8211; diagnoza preferencji i predyspozycji zawodowych w tym praktycznych umiej\u0119tno\u015bci oraz kompetencji spo\u0142ecznych<\/td><td>01.04.2024-31.03.2025<\/td><\/tr><tr><td>Warsztaty grupowe z zakresu kompetencji spo\u0142ecznych i aktywnego poruszania si\u0119 po rynku pracy<\/td><td>01.04.2024-31.03.2025<\/td><\/tr><tr><td>Utworzenie Indywidualnego Planu Dzia\u0142ania \u2013 spotkanie wielostronne (II etap ZW)<\/td><td>01.04.2024-31.03.2025<\/td><\/tr><tr><td>Przygotowanie do podj\u0119cia zatrudnienia (III etap ZW) &#8211; praktyki, po\u015brednictwo pracy, wsparcie w procedurze organizacji form praktycznych<\/td><td>01.04.2024-31.03.2025<\/td><\/tr><tr><td>Trening umiej\u0119tno\u015bci samodzielnego poruszania si\u0119 w przestrzeni miejsko-wiejskiej<\/td><td>01.04.2024-31.03.2025<\/td><\/tr><tr><td>Indywidualne wsparcie psychologiczno-doradcze (II-V etap ZW)<\/td><td>01.04.2024-31.03.2025<\/td><\/tr><tr><td>Grupowe wsparcie doradcze (II-V etap ZW)<\/td><td>01.04.2024-31.03.2025<\/td><\/tr><tr><td>Wsparcie w miejscu pracy i poza nim (w tym szkolenie stanowiskowe, interwencyjne oraz monitoring<\/td><td>01.04.2024-31.03.2025<\/td><\/tr><tr><td>Trening kompetencji \u017cyciowych i umiej\u0119tno\u015bci spo\u0142eczno-zawodowych<\/td><td>01.04.2024-31.03.2025<\/td><\/tr><tr><td>Bezpo\u015bredni kontakt z rodzin\u0105\/otoczeniem Beneficjent\u00f3w przy ich udziale<\/td><td>01.04.2024-31.03.2025<\/td><\/tr><tr><td>Kompleksowa ocena funkcjonalna os\u00f3b zatrudnionych z wykorzystaniem ZW (V etap ZW)<\/td><td>01.04.2024-31.03.2025<\/td><\/tr><tr><td>Utworzenie Indywidualnego Planu Dzia\u0142ania \u2013 spotkanie wielostronne (V etap ZW)<\/td><td>01.04.2024-31.03.2025<\/td><\/tr><tr><td>Aktualizacja IPD dla os\u00f3b, kt\u00f3re kontynuuj\u0105 udzia\u0142 w II okresie realizacji projektu (grupowe uzgodnienie stanowiska)<\/td><td>01.04.2024-31.03.2025<\/td><\/tr><tr><td>Monitorowanie procesu zatrudnienia wspomaganego &#8211; bie\u017c\u0105cy monitoring merytoryczny projektu oraz konsultacje z zakresu zatrudnienia wspomaganego, Klasyfikacji ICF i udzielania form wsparcia dla kadry projektu<\/td><td>01.04.2024-31.03.2025<\/td><\/tr><tr><td>Dzia\u0142ania informacyjno-promocyjne w\u015br\u00f3d pracodawc\u00f3w, kontakty maj\u0105ce na celu zainteresowanie pracodawc\u00f3w zatrudnieniem os\u00f3b z niepe\u0142nosprawno\u015bci\u0105<\/td><td>01.04.2024-31.03.2025<\/td><\/tr><tr><td>Analiza stanowiska pracy\/praktyk &nbsp;<\/td><td>01.04.2024-31.03.2025<\/td><\/tr><tr><td>Spotkania interdyscyplinarnego zespo\u0142u specjalist\u00f3w<\/td><td>01.04.2024-31.03.2025<\/td><\/tr><\/tbody><\/table><\/figure>\n\n\n\n<p><strong>Harmonogram realizacji wsparcia w projekcie w III okresie finansowania, tj. 01.04.2025-31.03.2026r.<\/strong><\/p>\n\n\n\n<figure class=\"wp-block-table\"><table class=\"has-fixed-layout\"><tbody><tr><td><strong>Nazwa dzia\u0142ania<\/strong><\/td><td><strong>Termin realizacji<\/strong><\/td><\/tr><tr><td>Zarz\u0105dzanie projektem i monitoring finansowy<\/td><td>01.04.2025-31.03.2026<\/td><\/tr><tr><td>Zaanga\u017cowanie klienta &#8211; Spotkania informacyjno-promocyjne&nbsp;<\/td><td>01.04.2025-31.03.2026<\/td><\/tr><tr><td>Zaanga\u017cowanie klienta &#8211; wypracowanie i zawarcie kontraktu<\/td><td>01.04.2025-31.03.2026<\/td><\/tr><tr><td>Kompleksowa ocena os\u00f3b niezatrudnionych (II etap ZW &#8211; Tworzenie profilu zawodowego) &#8211; diagnoza preferencji i predyspozycji zawodowych w tym praktycznych umiej\u0119tno\u015bci oraz kompetencji spo\u0142ecznych<\/td><td>01.04.2025-31.03.2026<\/td><\/tr><tr><td>Warsztaty grupowe z zakresu kompetencji spo\u0142ecznych i aktywnego poruszania si\u0119 po rynku pracy<\/td><td>01.04.2025-31.03.2026<\/td><\/tr><tr><td>Utworzenie Indywidualnego Planu Dzia\u0142ania \u2013 spotkanie wielostronne (II etap ZW)<\/td><td>01.04.2025-31.03.2026<\/td><\/tr><tr><td>Przygotowanie do podj\u0119cia zatrudnienia (III etap ZW) &#8211; praktyki, po\u015brednictwo pracy, wsparcie w procedurze organizacji form praktycznych<\/td><td>01.04.2025-31.03.2026<\/td><\/tr><tr><td>Trening umiej\u0119tno\u015bci samodzielnego poruszania si\u0119 w przestrzeni miejsko-wiejskiej<\/td><td>01.04.2025-31.03.2026<\/td><\/tr><tr><td>Indywidualne wsparcie psychologiczno-doradcze (II-V etap ZW)<\/td><td>01.04.2025-31.03.2026<\/td><\/tr><tr><td>Grupowe wsparcie doradcze (II-V etap ZW)<\/td><td>01.04.2025-31.03.2026<\/td><\/tr><tr><td>Wsparcie w miejscu pracy i poza nim (w tym szkolenie stanowiskowe, interwencyjne oraz monitoring<\/td><td>01.04.2025-31.03.2026<\/td><\/tr><tr><td>Trening kompetencji \u017cyciowych i umiej\u0119tno\u015bci spo\u0142eczno-zawodowych<\/td><td>01.04.2025-31.03.2026<\/td><\/tr><tr><td>Bezpo\u015bredni kontakt z rodzin\u0105\/otoczeniem Beneficjent\u00f3w przy ich udziale<\/td><td>01.04.2025-31.03.2026<\/td><\/tr><tr><td>Kompleksowa ocena funkcjonalna os\u00f3b zatrudnionych z wykorzystaniem ZW (V etap ZW)<\/td><td>01.04.2025-31.03.2026<\/td><\/tr><tr><td>Utworzenie Indywidualnego Planu Dzia\u0142ania \u2013 spotkanie wielostronne (V etap ZW)<\/td><td>01.04.2025-31.03.2026<\/td><\/tr><tr><td>Aktualizacja IPD dla os\u00f3b, kt\u00f3re kontynuuj\u0105 udzia\u0142 w II okresie realizacji projektu (grupowe uzgodnienie stanowiska)<\/td><td>01.04.2025-31.03.2026<\/td><\/tr><tr><td>Monitorowanie procesu zatrudnienia wspomaganego &#8211; bie\u017c\u0105cy monitoring merytoryczny projektu oraz konsultacje z zakresu zatrudnienia wspomaganego, Klasyfikacji ICF i udzielania form wsparcia dla kadry projektu<\/td><td>01.04.2025-31.03.2026<\/td><\/tr><tr><td>Dzia\u0142ania informacyjno-promocyjne w\u015br\u00f3d pracodawc\u00f3w, kontakty maj\u0105ce na celu zainteresowanie pracodawc\u00f3w zatrudnieniem os\u00f3b z niepe\u0142nosprawno\u015bci\u0105<\/td><td>01.04.2025-31.03.2026<\/td><\/tr><tr><td>Analiza stanowiska pracy\/praktyk &nbsp;<\/td><td>01.04.2025-31.03.2026<\/td><\/tr><tr><td>Spotkania interdyscyplinarnego zespo\u0142u specjalist\u00f3w<\/td><td>01.04.2025-31.03.2026<\/td><\/tr><\/tbody><\/table><\/figure>\n\n\n\n<p>Zapraszamy do udzia\u0142u w projekcie osoby z niepe\u0142nosprawno\u015bciami o szczeg\u00f3lnych trudno\u015bciach w znalezieniu i utrzymaniu pracy, kt\u00f3re bez kompleksowego wsparcia w ramach zatrudnienia wspomaganego nie mia\u0142aby szans na podj\u0119cie i utrzymanie zatrudnienia, a jednocze\u015bnie s\u0105 w wieku produkcyjnym (18-64 lata), w tym szczeg\u00f3lnie:<\/p>\n\n\n\n<ul class=\"wp-block-list\">\n<li>osoby z niepe\u0142nosprawno\u015bci\u0105 intelektualn\u0105;<\/li>\n\n\n\n<li>osoby z d\u0142ugotrwa\u0142\u0105, chroniczn\u0105 niepe\u0142nosprawno\u015bci\u0105 o charakterze psychicznym;<\/li>\n\n\n\n<li>osoby z ca\u0142o\u015bciowymi zaburzeniami rozwoju;<\/li>\n\n\n\n<li>osoby ze sprz\u0119\u017ceniami (w tym osoby z m\u00f3zgowym pora\u017ceniem dzieci\u0119cym, osoby g\u0142uchoniewidome itd.),<\/li>\n<\/ul>\n\n\n\n<p>kt\u00f3re charakteryzuj\u0105 si\u0119 niskim poziomem wykszta\u0142cenia lub jego brakiem oraz brakiem do\u015bwiadczenia zawodowego, co dodatkowo wp\u0142ywa na ich nisk\u0105 konkurencyjno\u015b\u0107 na rynku pracy.<\/p>\n\n\n\n<p>Beneficjentami ostatecznymi projektu b\u0119d\u0105 osoby z niepe\u0142nosprawno\u015bciami w stopniu lekkim, umiarkowanym i znacznym, kt\u00f3re s\u0105:<\/p>\n\n\n\n<ul class=\"wp-block-list\">\n<li>nieaktywne zawodowo, bezrobotne, poszukuj\u0105ce pracy niezatrudnione lub<\/li>\n\n\n\n<li>zatrudnione z wykorzystaniem zatrudnienia wspomaganego, je\u015bli proces wspomagania tej osoby w miejscu pracy nie zosta\u0142 zako\u0144czony.<\/li>\n<\/ul>\n\n\n\n<p>Szczeg\u00f3\u0142owe informacje znajduj\u0105 si\u0119 w Regulaminie Rekrutacji, biurze projektu lub w biurach Centr\u00f3w DZWONI:<\/p>\n\n\n\n<ol class=\"wp-block-list\">\n<li>Polskie Stowarzyszenie na rzecz Os\u00f3b z Niepe\u0142nosprawno\u015bci\u0105 Intelektualn\u0105 \u2013 Biuro Projektu<\/li>\n<\/ol>\n\n\n\n<p>Ul. G\u0142ogowa 2 b, 02 \u2013 639 Warszawa<\/p>\n\n\n\n<p>tel.: \/22\/ 848 03 14; e-mail:&nbsp;<a href=\"mailto:zg@psoni.org.pl\">zg@psoni.org.pl<\/a><\/p>\n\n\n\n<ul class=\"wp-block-list\">\n<li>Centrum Doradztwa Zawodowego i Wspierania Os\u00f3b Niepe\u0142nosprawnych Intelektualnie \u2013 Centrum DZWONI V w Warszawie<\/li>\n<\/ul>\n\n\n\n<p>Ul. Kacza 21, 01-064 Warszawa<\/p>\n\n\n\n<p>tel.: \/22\/ 620 30 31, e-mail:&nbsp;<a href=\"mailto:warszawa@centrumdzwoni.pl\">warszawa@centrumdzwoni.pl<\/a><\/p>\n\n\n\n<ul class=\"wp-block-list\">\n<li>Centrum Doradztwa Zawodowego i Wspierania Os\u00f3b Niepe\u0142nosprawnych Intelektualnie \u2013 Centrum DZWONI V w Bytomiu<\/li>\n<\/ul>\n\n\n\n<p>Ul. Plac Ko\u015bciuszki 9\/33, 41-902 Bytom<\/p>\n\n\n\n<p>tel.726 136 335, e-mail:&nbsp;<a href=\"mailto:bytom@centrumdzwoni.pl\">bytom@centrumdzwoni.pl<\/a><\/p>\n\n\n\n<ul class=\"wp-block-list\">\n<li>Centrum Doradztwa Zawodowego i Wspierania Os\u00f3b Niepe\u0142nosprawnych Intelektualnie \u2013 Centrum DZWONI V w Zgierzu<\/li>\n<\/ul>\n\n\n\n<p>ul. Al. Struga 13-21, lok. 208, 95-100 Zgierz<br>tel. 726 136 348, e-mail:&nbsp;<a href=\"mailto:zgierz@centrumdzwoni.pl\">zgierz@centrumdzwoni.pl<\/a><\/p>\n\n\n\n<ul class=\"wp-block-list\">\n<li>Centrum Doradztwa Zawodowego i Wspierania Os\u00f3b Niepe\u0142nosprawnych Intelektualnie \u2013 Centrum DZWONI V w Gda\u0144sku<\/li>\n<\/ul>\n\n\n\n<p>Ul. Jagiello\u0144ska 11, 80-371 Gda\u0144sk<\/p>\n\n\n\n<p>tel.: 726 136 347, e-mail:&nbsp;<a href=\"mailto:gdansk@centrumdzwoni.pl\">gdansk@centrumdzwoni.pl<\/a><\/p>\n\n\n\n<ul class=\"wp-block-list\">\n<li>&nbsp;Centrum Doradztwa Zawodowego i Wspierania Os\u00f3b Niepe\u0142nosprawnych Intelektualnie \u2013 Centrum DZWONI V w Jaros\u0142awiu<\/li>\n<\/ul>\n\n\n\n<p>ul. Podzamcze 35, 37-500 Jaros\u0142aw<br>tel.: 726 136&nbsp;364, e-mail:&nbsp;<a href=\"mailto:jaroslaw@centrumdzwoni.pl\">jaroslaw@centrumdzwoni.pl<\/a><\/p>\n\n\n\n<p>Filia w Rzeszowie<\/p>\n\n\n\n<p>ul. Rejtana 10, pok. 304, 35-310 Rzesz\u00f3w<\/p>\n\n\n\n<p>tel.: 726 136&nbsp;360, e-mail:&nbsp;<a href=\"mailto:rzeszow@centrumdzwoni.pl\">rzeszow@centrumdzwoni.pl<\/a><\/p>\n\n\n\n<ol class=\"wp-block-list\">\n<li>Centrum Doradztwa Zawodowego i Wspierania Os\u00f3b Niepe\u0142nosprawnych Intelektualnie \u2013 Centrum DZWONI V w Ostr\u00f3dzie<\/li>\n<\/ol>\n\n\n\n<p>Ul. Ko\u015bciuszki 2 pok. 312, 14-100 Ostr\u00f3da<\/p>\n\n\n\n<p>tel.: 692 819 525 e-mail:&nbsp;<a href=\"mailto:ostroda@centrumdzwoni.pl\">ostroda@centrumdzwoni.pl<\/a>&nbsp;Zapraszamy r\u00f3wnie\u017c na stron\u0119&nbsp;<a href=\"http:\/\/www.centrumdzwoni.pl\/\">www.centrumdzwoni.pl<\/a>&nbsp;.<\/p>\n\n\n\n<p>Znajdziecie tam Pa\u0144stwo szczeg\u00f3\u0142owe informacje na temat realizacji projektu, w tym prowadzonej rekrutacji i&nbsp; udzielanego wsparcia.<\/p>\n\n\n\n<p>Pliki do pobrania:<\/p>\n\n\n\n<p><a href=\"https:\/\/psoni.org.pl\/wp-content\/uploads\/2023\/08\/Regulamin_rekrutacji_Centrum_DZWONI_V.pdf\">REGULAMIN REKRUTACJI<\/a><\/p>\n\n\n\n<p><a href=\"https:\/\/psoni.org.pl\/wp-content\/uploads\/2023\/08\/Regulamin-rekrutacji-i-uczestnictwa-w-projekcie_wersja_easy_to_read_CDZV.pdf\">REGULAMIN REKRUTACJI W WERSJI \u0141ATWEJ DO CZYTANIA<\/a><\/p>\n\n\n\n<p><a href=\"https:\/\/psoni.org.pl\/wp-content\/uploads\/2023\/08\/1_Formularz_zgloszeniowy_CDZV.docx\">FORMULARZ ZG\u0141OSZENIOWY<\/a><\/p>\n\n\n\n<p><\/p>\n","protected":false},"excerpt":{"rendered":"<p>Centrum Doradztwa Zawodowego i Wspierania Os\u00f3b z Niepe\u0142nosprawno\u015bci\u0105 Intelektualn\u0105 \u2013 Centrum DZWONI V\u201d Opis projektu: Realizowany przez Polskie Stowarzyszenie na rzecz Os\u00f3b z Niepe\u0142nosprawno\u015bci\u0105 Intelektualn\u0105 (PSONI) na podstawie art. 36 ustawy z dnia 27 sierpnia 1997 r. o rehabilitacji zawodowej i spo\u0142ecznej oraz zatrudnianiu os\u00f3b niepe\u0142nosprawnych (konkurs nr 1\/2022 \u2013 Dzia\u0142amy razem).Umowa o dofinansowanie projektu&hellip;&nbsp;<\/p>\n","protected":false},"author":1,"featured_media":0,"parent":0,"menu_order":0,"comment_status":"closed","ping_status":"closed","template":"","meta":{"neve_meta_sidebar":"","neve_meta_container":"","neve_meta_enable_content_width":"","neve_meta_content_width":0,"neve_meta_title_alignment":"","neve_meta_author_avatar":"","neve_post_elements_order":"","neve_meta_disable_header":"","neve_meta_disable_footer":"","neve_meta_disable_title":"","footnotes":""},"class_list":["post-271","page","type-page","status-publish","hentry"],"yoast_head":"<!-- This site is optimized with the Yoast SEO plugin v27.5 - https:\/\/yoast.com\/product\/yoast-seo-wordpress\/ -->\n<title>PROJEKT CD V - Centrum Doradztwa Zawodowego i Wspierania Os\u00f3b z Niepe\u0142nosprawno\u015bci\u0105 Intelektualn\u0105<\/title>\n<meta name=\"robots\" content=\"index, follow, max-snippet:-1, max-image-preview:large, max-video-preview:-1\" \/>\n<link rel=\"canonical\" href=\"https:\/\/centrumdzwoni.pl\/?page_id=271\" \/>\n<meta property=\"og:locale\" content=\"pl_PL\" \/>\n<meta property=\"og:type\" content=\"article\" \/>\n<meta property=\"og:title\" content=\"PROJEKT CD V - Centrum Doradztwa Zawodowego i Wspierania Os\u00f3b z Niepe\u0142nosprawno\u015bci\u0105 Intelektualn\u0105\" \/>\n<meta property=\"og:description\" content=\"Centrum Doradztwa Zawodowego i Wspierania Os\u00f3b z Niepe\u0142nosprawno\u015bci\u0105 Intelektualn\u0105 \u2013 Centrum DZWONI V\u201d Opis projektu: Realizowany przez Polskie Stowarzyszenie na rzecz Os\u00f3b z Niepe\u0142nosprawno\u015bci\u0105 Intelektualn\u0105 (PSONI) na podstawie art. 36 ustawy z dnia 27 sierpnia 1997 r. o rehabilitacji zawodowej i spo\u0142ecznej oraz zatrudnianiu os\u00f3b niepe\u0142nosprawnych (konkurs nr 1\/2022 \u2013 Dzia\u0142amy razem).Umowa o dofinansowanie projektu&hellip;&nbsp;\" \/>\n<meta property=\"og:url\" content=\"https:\/\/centrumdzwoni.pl\/?page_id=271\" \/>\n<meta property=\"og:site_name\" content=\"Centrum Doradztwa Zawodowego i Wspierania Os\u00f3b z Niepe\u0142nosprawno\u015bci\u0105 Intelektualn\u0105\" \/>\n<meta property=\"article:modified_time\" content=\"2025-09-17T10:37:55+00:00\" \/>\n<meta property=\"og:image\" content=\"https:\/\/psoni.org.pl\/wp-content\/uploads\/2020\/01\/PFRON_wersja_podstawowa_RGB-01-1024x541.jpg\" \/>\n<meta name=\"twitter:card\" content=\"summary_large_image\" \/>\n<meta name=\"twitter:label1\" content=\"Szacowany czas czytania\" \/>\n\t<meta name=\"twitter:data1\" content=\"8 minut\" \/>\n<script type=\"application\/ld+json\" class=\"yoast-schema-graph\">{\"@context\":\"https:\\\/\\\/schema.org\",\"@graph\":[{\"@type\":\"WebPage\",\"@id\":\"https:\\\/\\\/centrumdzwoni.pl\\\/?page_id=271\",\"url\":\"https:\\\/\\\/centrumdzwoni.pl\\\/?page_id=271\",\"name\":\"PROJEKT CD V - Centrum Doradztwa Zawodowego i Wspierania Os\u00f3b z Niepe\u0142nosprawno\u015bci\u0105 Intelektualn\u0105\",\"isPartOf\":{\"@id\":\"https:\\\/\\\/centrumdzwoni.pl\\\/#website\"},\"primaryImageOfPage\":{\"@id\":\"https:\\\/\\\/centrumdzwoni.pl\\\/?page_id=271#primaryimage\"},\"image\":{\"@id\":\"https:\\\/\\\/centrumdzwoni.pl\\\/?page_id=271#primaryimage\"},\"thumbnailUrl\":\"https:\\\/\\\/psoni.org.pl\\\/wp-content\\\/uploads\\\/2020\\\/01\\\/PFRON_wersja_podstawowa_RGB-01-1024x541.jpg\",\"datePublished\":\"2025-08-26T08:25:10+00:00\",\"dateModified\":\"2025-09-17T10:37:55+00:00\",\"breadcrumb\":{\"@id\":\"https:\\\/\\\/centrumdzwoni.pl\\\/?page_id=271#breadcrumb\"},\"inLanguage\":\"pl-PL\",\"potentialAction\":[{\"@type\":\"ReadAction\",\"target\":[\"https:\\\/\\\/centrumdzwoni.pl\\\/?page_id=271\"]}]},{\"@type\":\"ImageObject\",\"inLanguage\":\"pl-PL\",\"@id\":\"https:\\\/\\\/centrumdzwoni.pl\\\/?page_id=271#primaryimage\",\"url\":\"https:\\\/\\\/psoni.org.pl\\\/wp-content\\\/uploads\\\/2020\\\/01\\\/PFRON_wersja_podstawowa_RGB-01-1024x541.jpg\",\"contentUrl\":\"https:\\\/\\\/psoni.org.pl\\\/wp-content\\\/uploads\\\/2020\\\/01\\\/PFRON_wersja_podstawowa_RGB-01-1024x541.jpg\"},{\"@type\":\"BreadcrumbList\",\"@id\":\"https:\\\/\\\/centrumdzwoni.pl\\\/?page_id=271#breadcrumb\",\"itemListElement\":[{\"@type\":\"ListItem\",\"position\":1,\"name\":\"Home\",\"item\":\"https:\\\/\\\/centrumdzwoni.pl\\\/\"},{\"@type\":\"ListItem\",\"position\":2,\"name\":\"PROJEKT CD V\"}]},{\"@type\":\"WebSite\",\"@id\":\"https:\\\/\\\/centrumdzwoni.pl\\\/#website\",\"url\":\"https:\\\/\\\/centrumdzwoni.pl\\\/\",\"name\":\"Centrum Doradztwa Zawodowego i Wspierania Os\u00f3b z Niepe\u0142nosprawno\u015bci\u0105 Intelektualn\u0105\",\"description\":\"\",\"publisher\":{\"@id\":\"https:\\\/\\\/centrumdzwoni.pl\\\/#organization\"},\"potentialAction\":[{\"@type\":\"SearchAction\",\"target\":{\"@type\":\"EntryPoint\",\"urlTemplate\":\"https:\\\/\\\/centrumdzwoni.pl\\\/?s={search_term_string}\"},\"query-input\":{\"@type\":\"PropertyValueSpecification\",\"valueRequired\":true,\"valueName\":\"search_term_string\"}}],\"inLanguage\":\"pl-PL\"},{\"@type\":\"Organization\",\"@id\":\"https:\\\/\\\/centrumdzwoni.pl\\\/#organization\",\"name\":\"Centrum Doradztwa Zawodowego i Wspierania Os\u00f3b z Niepe\u0142nosprawno\u015bci\u0105 Intelektualn\u0105\",\"url\":\"https:\\\/\\\/centrumdzwoni.pl\\\/\",\"logo\":{\"@type\":\"ImageObject\",\"inLanguage\":\"pl-PL\",\"@id\":\"https:\\\/\\\/centrumdzwoni.pl\\\/#\\\/schema\\\/logo\\\/image\\\/\",\"url\":\"https:\\\/\\\/centrumdzwoni.pl\\\/wp-content\\\/uploads\\\/2025\\\/08\\\/logo-agency.png\",\"contentUrl\":\"https:\\\/\\\/centrumdzwoni.pl\\\/wp-content\\\/uploads\\\/2025\\\/08\\\/logo-agency.png\",\"width\":200,\"height\":200,\"caption\":\"Centrum Doradztwa Zawodowego i Wspierania Os\u00f3b z Niepe\u0142nosprawno\u015bci\u0105 Intelektualn\u0105\"},\"image\":{\"@id\":\"https:\\\/\\\/centrumdzwoni.pl\\\/#\\\/schema\\\/logo\\\/image\\\/\"}}]}<\/script>\n<!-- \/ Yoast SEO plugin. -->","yoast_head_json":{"title":"PROJEKT CD V - Centrum Doradztwa Zawodowego i Wspierania Os\u00f3b z Niepe\u0142nosprawno\u015bci\u0105 Intelektualn\u0105","robots":{"index":"index","follow":"follow","max-snippet":"max-snippet:-1","max-image-preview":"max-image-preview:large","max-video-preview":"max-video-preview:-1"},"canonical":"https:\/\/centrumdzwoni.pl\/?page_id=271","og_locale":"pl_PL","og_type":"article","og_title":"PROJEKT CD V - Centrum Doradztwa Zawodowego i Wspierania Os\u00f3b z Niepe\u0142nosprawno\u015bci\u0105 Intelektualn\u0105","og_description":"Centrum Doradztwa Zawodowego i Wspierania Os\u00f3b z Niepe\u0142nosprawno\u015bci\u0105 Intelektualn\u0105 \u2013 Centrum DZWONI V\u201d Opis projektu: Realizowany przez Polskie Stowarzyszenie na rzecz Os\u00f3b z Niepe\u0142nosprawno\u015bci\u0105 Intelektualn\u0105 (PSONI) na podstawie art. 36 ustawy z dnia 27 sierpnia 1997 r. o rehabilitacji zawodowej i spo\u0142ecznej oraz zatrudnianiu os\u00f3b niepe\u0142nosprawnych (konkurs nr 1\/2022 \u2013 Dzia\u0142amy razem).Umowa o dofinansowanie projektu&hellip;&nbsp;","og_url":"https:\/\/centrumdzwoni.pl\/?page_id=271","og_site_name":"Centrum Doradztwa Zawodowego i Wspierania Os\u00f3b z Niepe\u0142nosprawno\u015bci\u0105 Intelektualn\u0105","article_modified_time":"2025-09-17T10:37:55+00:00","og_image":[{"url":"https:\/\/psoni.org.pl\/wp-content\/uploads\/2020\/01\/PFRON_wersja_podstawowa_RGB-01-1024x541.jpg","type":"","width":"","height":""}],"twitter_card":"summary_large_image","twitter_misc":{"Szacowany czas czytania":"8 minut"},"schema":{"@context":"https:\/\/schema.org","@graph":[{"@type":"WebPage","@id":"https:\/\/centrumdzwoni.pl\/?page_id=271","url":"https:\/\/centrumdzwoni.pl\/?page_id=271","name":"PROJEKT CD V - Centrum Doradztwa Zawodowego i Wspierania Os\u00f3b z Niepe\u0142nosprawno\u015bci\u0105 Intelektualn\u0105","isPartOf":{"@id":"https:\/\/centrumdzwoni.pl\/#website"},"primaryImageOfPage":{"@id":"https:\/\/centrumdzwoni.pl\/?page_id=271#primaryimage"},"image":{"@id":"https:\/\/centrumdzwoni.pl\/?page_id=271#primaryimage"},"thumbnailUrl":"https:\/\/psoni.org.pl\/wp-content\/uploads\/2020\/01\/PFRON_wersja_podstawowa_RGB-01-1024x541.jpg","datePublished":"2025-08-26T08:25:10+00:00","dateModified":"2025-09-17T10:37:55+00:00","breadcrumb":{"@id":"https:\/\/centrumdzwoni.pl\/?page_id=271#breadcrumb"},"inLanguage":"pl-PL","potentialAction":[{"@type":"ReadAction","target":["https:\/\/centrumdzwoni.pl\/?page_id=271"]}]},{"@type":"ImageObject","inLanguage":"pl-PL","@id":"https:\/\/centrumdzwoni.pl\/?page_id=271#primaryimage","url":"https:\/\/psoni.org.pl\/wp-content\/uploads\/2020\/01\/PFRON_wersja_podstawowa_RGB-01-1024x541.jpg","contentUrl":"https:\/\/psoni.org.pl\/wp-content\/uploads\/2020\/01\/PFRON_wersja_podstawowa_RGB-01-1024x541.jpg"},{"@type":"BreadcrumbList","@id":"https:\/\/centrumdzwoni.pl\/?page_id=271#breadcrumb","itemListElement":[{"@type":"ListItem","position":1,"name":"Home","item":"https:\/\/centrumdzwoni.pl\/"},{"@type":"ListItem","position":2,"name":"PROJEKT CD V"}]},{"@type":"WebSite","@id":"https:\/\/centrumdzwoni.pl\/#website","url":"https:\/\/centrumdzwoni.pl\/","name":"Centrum Doradztwa Zawodowego i Wspierania Os\u00f3b z Niepe\u0142nosprawno\u015bci\u0105 Intelektualn\u0105","description":"","publisher":{"@id":"https:\/\/centrumdzwoni.pl\/#organization"},"potentialAction":[{"@type":"SearchAction","target":{"@type":"EntryPoint","urlTemplate":"https:\/\/centrumdzwoni.pl\/?s={search_term_string}"},"query-input":{"@type":"PropertyValueSpecification","valueRequired":true,"valueName":"search_term_string"}}],"inLanguage":"pl-PL"},{"@type":"Organization","@id":"https:\/\/centrumdzwoni.pl\/#organization","name":"Centrum Doradztwa Zawodowego i Wspierania Os\u00f3b z Niepe\u0142nosprawno\u015bci\u0105 Intelektualn\u0105","url":"https:\/\/centrumdzwoni.pl\/","logo":{"@type":"ImageObject","inLanguage":"pl-PL","@id":"https:\/\/centrumdzwoni.pl\/#\/schema\/logo\/image\/","url":"https:\/\/centrumdzwoni.pl\/wp-content\/uploads\/2025\/08\/logo-agency.png","contentUrl":"https:\/\/centrumdzwoni.pl\/wp-content\/uploads\/2025\/08\/logo-agency.png","width":200,"height":200,"caption":"Centrum Doradztwa Zawodowego i Wspierania Os\u00f3b z Niepe\u0142nosprawno\u015bci\u0105 Intelektualn\u0105"},"image":{"@id":"https:\/\/centrumdzwoni.pl\/#\/schema\/logo\/image\/"}}]}},"_links":{"self":[{"href":"https:\/\/centrumdzwoni.pl\/index.php?rest_route=\/wp\/v2\/pages\/271","targetHints":{"allow":["GET"]}}],"collection":[{"href":"https:\/\/centrumdzwoni.pl\/index.php?rest_route=\/wp\/v2\/pages"}],"about":[{"href":"https:\/\/centrumdzwoni.pl\/index.php?rest_route=\/wp\/v2\/types\/page"}],"author":[{"embeddable":true,"href":"https:\/\/centrumdzwoni.pl\/index.php?rest_route=\/wp\/v2\/users\/1"}],"replies":[{"embeddable":true,"href":"https:\/\/centrumdzwoni.pl\/index.php?rest_route=%2Fwp%2Fv2%2Fcomments&post=271"}],"version-history":[{"count":3,"href":"https:\/\/centrumdzwoni.pl\/index.php?rest_route=\/wp\/v2\/pages\/271\/revisions"}],"predecessor-version":[{"id":723,"href":"https:\/\/centrumdzwoni.pl\/index.php?rest_route=\/wp\/v2\/pages\/271\/revisions\/723"}],"wp:attachment":[{"href":"https:\/\/centrumdzwoni.pl\/index.php?rest_route=%2Fwp%2Fv2%2Fmedia&parent=271"}],"curies":[{"name":"wp","href":"https:\/\/api.w.org\/{rel}","templated":true}]}}